{"id":965,"date":"2023-03-27T19:47:46","date_gmt":"2023-03-27T19:47:46","guid":{"rendered":"https:\/\/lockers.servidorbeta.es\/politica-de-privacidad\/"},"modified":"2023-04-28T16:19:20","modified_gmt":"2023-04-28T16:19:20","slug":"politique-de-confidentialite","status":"publish","type":"page","link":"https:\/\/lockersalicante.com\/fr\/politique-de-confidentialite\/","title":{"rendered":"Politique de confidentialit\u00e9"},"content":{"rendered":"\t\t<div data-elementor-type=\"wp-page\" data-elementor-id=\"965\" class=\"elementor elementor-965 elementor-677\" data-elementor-post-type=\"page\">\n\t\t\t\t\t\t<section class=\"elementor-section elementor-top-section elementor-element elementor-element-2504c8a3 elementor-section-boxed elementor-section-height-default elementor-section-height-default\" data-id=\"2504c8a3\" data-element_type=\"section\" data-e-type=\"section\">\n\t\t\t\t\t\t<div class=\"elementor-container elementor-column-gap-default\">\n\t\t\t\t\t<div class=\"elementor-column elementor-col-100 elementor-top-column elementor-element elementor-element-20f7ccb2\" data-id=\"20f7ccb2\" data-element_type=\"column\" data-e-type=\"column\">\n\t\t\t<div class=\"elementor-widget-wrap elementor-element-populated\">\n\t\t\t\t\t\t<div class=\"elementor-element elementor-element-6784c982 elementor-widget elementor-widget-heading\" data-id=\"6784c982\" data-element_type=\"widget\" data-e-type=\"widget\" data-widget_type=\"heading.default\">\n\t\t\t\t<div class=\"elementor-widget-container\">\n\t\t\t\t\t<h1 class=\"elementor-heading-title elementor-size-default\">Politique de confidentialit\u00e9<\/h1>\t\t\t\t<\/div>\n\t\t\t\t<\/div>\n\t\t\t\t<div class=\"elementor-element elementor-element-60a754c5 elementor-widget elementor-widget-text-editor\" data-id=\"60a754c5\" data-element_type=\"widget\" data-e-type=\"widget\" data-widget_type=\"text-editor.default\">\n\t\t\t\t<div class=\"elementor-widget-container\">\n\t\t\t\t\t\t\t\t\t<ol>\n<li><strong>INTRODUCTION<\/strong><\/li>\n<\/ol>\n<p>La pr\u00e9sente Politique de Confidentialit\u00e9 vous fournira des informations sur l\u2019utilisation faite de vos donn\u00e9es personnelles en qualit\u00e9 d\u2019utilisateur de la prestation du service de consigne \u00e0 bagages via les Community Lockers mis \u00e0 votre disposition (ci-apr\u00e8s le <strong>\u00ab&nbsp;Service&nbsp;\u00bb<\/strong>).<\/p>\n<p><strong>&nbsp;<\/strong><\/p>\n<ol start=\"2\">\n<li><strong>QUI EST LE RESPONSABLE DU TRAITEMENT DE VOS DONN\u00c9ES PERSONNELLES&nbsp;?<\/strong><\/li><\/ol>\n<ul>\n<li>Soci\u00e9t\u00e9 responsable : SITBACK MEDITERRANEA S.L.<\/li>\n<li>I.F. : B54386883<\/li>\n<li>Adresse : Avenida Salamanca, 8, bajo, derecha, 03003, Alicante.<\/li>\n<\/ul><div><br><\/div>\n<ol start=\"3\">\n<li><strong>QUELLES DONN\u00c9ES PERSONNELLES SONT TRAIT\u00c9ES&nbsp;?<\/strong><\/li>\n<\/ol>\n<ul>\n<li>Donn\u00e9es d\u2019identification et coordonn\u00e9es bancaires (par exemple, pr\u00e9nom, noms, adresse e-mail, num\u00e9ro de carte bancaire, etc.)<\/li>\n<li>Informations sur l\u2019utilisation faite du Service (dates et heures auxquelles l\u2019utilisateur a acc\u00e9d\u00e9 \u00e0 la plate-forme, le nombre de fois qu\u2019il utilise les Community Lockers, la dur\u00e9e d\u2019occupation des Community Lockers, etc.)<\/li>\n<li>Donn\u00e9es sur les \u00e9ventuelles incidences que vous avez pu avoir.<\/li>\n<\/ul>\n<p>Lors de la demande de vos donn\u00e9es personnelles, certains champs sont indiqu\u00e9s comme \u00e9tant obligatoires, car ils sont n\u00e9cessaires pour pouvoir vous r\u00e9aliser la prestation du Service.<\/p><p><br><\/p>\n<p><\/p>\n<ol start=\"4\">\n<li><strong>QUELLE EST LA FINALIT\u00c9 POUR LAQUELLE VOS DONN\u00c9ES PERSONNELLES SONT TRAIT\u00c9ES&nbsp;?<\/strong><\/li>\n<\/ol>\n<p>Vos donn\u00e9es personnelles sont trait\u00e9es pour les finalit\u00e9s ci-dessous&nbsp;:<\/p>\n<p><\/p>\n<ul>\n<li>Pour g\u00e9rer votre <strong>souscription<\/strong> au Service via la plate-forme.<\/li>\n<li>Pour <strong>vous r\u00e9aliser la prestation du Service<\/strong>.<\/li>\n<li>Pour r\u00e9pondre aux demandes ou aux incidences que vous communiqueriez via le canal du <strong>Service client\u00e8le<\/strong>.<\/li>\n<li>Pour <strong>am\u00e9liorer le Service<\/strong> que nous vous fournissons.<\/li>\n<\/ul>\n<ol start=\"5\">\n<li><strong>QUELLE EST LA L\u00c9GITIMIT\u00c9 POUR LAQUELLE VOS DONN\u00c9ES PERSONNELLES SONT TRAIT\u00c9ES&nbsp;?<\/strong><\/li>\n<\/ol>\n<p>La base l\u00e9gale qui nous permet de traiter vos donn\u00e9es personnelles d\u00e9pend de la finalit\u00e9 pour laquelle nous les traitons, comme d\u00e9taill\u00e9 ci-dessous&nbsp;:<\/p>\n<p><\/p>\n<table width=\"586\">\n<tbody>\n<tr>\n<td width=\"208\">\n<p>FINALIT\u00c9<\/p>\n<\/td>\n<td width=\"293\">\n<p>BASE DE L\u00c9GITIMIT\u00c9<\/p>\n<\/td>\n<td width=\"85\">\n<p>RGPD<\/p>\n<\/td>\n<\/tr>\n<tr>\n<td width=\"208\">\n<p>1)&nbsp;&nbsp;&nbsp;&nbsp; G\u00e9rer votre souscription au service<\/p>\n<\/td>\n<td rowspan=\"2\" width=\"293\">\n<p>Pour l\u2019ex\u00e9cution de la prestation du service<\/p>\n<\/td>\n<td rowspan=\"2\" width=\"85\">\n<p>Art. 6.1.a)<\/p>\n<\/td>\n<\/tr>\n<tr>\n<td width=\"208\">\n<p>2)&nbsp;&nbsp;&nbsp;&nbsp; Fournir le Service<\/p>\n<\/td>\n<\/tr>\n<tr>\n<td width=\"208\">\n<p>3)&nbsp;&nbsp;&nbsp;&nbsp; Service client\u00e8le<\/p>\n<\/td>\n<td width=\"293\">\n<p>Sur la base de l\u2019int\u00e9r\u00eat l\u00e9gitime<\/p>\n<\/td>\n<td width=\"85\">\n<p>Art. 6.1.f)<\/p>\n<\/td>\n<\/tr>\n<tr>\n<td width=\"208\">\n<p>4)&nbsp;&nbsp;&nbsp;&nbsp; Am\u00e9liorer le Service<\/p>\n<\/td>\n<td width=\"293\">\n<p>Sur la base de l\u2019int\u00e9r\u00eat l\u00e9gitime<\/p>\n<\/td>\n<td width=\"85\">\n<p>Art. 6.1.f)<\/p>\n<\/td>\n<\/tr>\n<\/tbody>\n<\/table>\n<p><strong>&nbsp;<\/strong><\/p>\n<ol start=\"6\">\n<li><strong>PENDANT COMBIEN DE TEMPS SERONT UTILIS\u00c9ES VOS DONN\u00c9ES PERSONNELLES&nbsp;?<\/strong><\/li>\n<\/ol>\n<p>Vos donn\u00e9es seront conserv\u00e9es pendant toute la p\u00e9riode n\u00e9cessaire pour ex\u00e9cuter la finalit\u00e9 correspondante et, a posteriori, pendant toute la p\u00e9riode qui serait n\u00e9cessaire pour pouvoir couvrir d\u2019\u00e9ventuelles responsabilit\u00e9s ou pour r\u00e9aliser, exercer ou d\u00e9fendre des r\u00e9clamations. Toutefois, vous pourrez solliciter la suppression de vos donn\u00e9es, et dans le cas o\u00f9 ces dur\u00e9es l\u00e9gales de conservation seraient applicables, elles seront bloqu\u00e9es pendant toute la p\u00e9riode stipul\u00e9e dans la r\u00e9glementation.<\/p>\n<p><\/p>\n<p>Vos donn\u00e9es seront trait\u00e9es de mani\u00e8re licite, loyale, transparente, ad\u00e9quate, pertinente, limit\u00e9e, exacte et actualis\u00e9e.<\/p>\n<p><strong>&nbsp;<\/strong><\/p>\n<ol start=\"7\">\n<li><strong>AVEC QUI VOS DONN\u00c9ES PERSONNELLES&nbsp;SERONT-ELLES PARTAG\u00c9ES?<\/strong><\/li><\/ol>\n<p>Pour pouvoir r\u00e9aliser les finalit\u00e9s indiqu\u00e9es dans la pr\u00e9sente politique de confidentialit\u00e9, il est n\u00e9cessaire de donner acc\u00e8s \u00e0 vos donn\u00e9es personnelles \u00e0 des tiers apportant un soutien au Service, comme aux fournisseurs de services technologiques, etc., avec qui sont sign\u00e9s les contrats de charg\u00e9 du traitement pertinents conform\u00e9ment \u00e0 la r\u00e9glementation en vigueur en mati\u00e8re de protection des donn\u00e9es. Toutes les fonctions offertes par des tiers sont strictement n\u00e9cessaires pour r\u00e9aliser la prestation du Service et ont \u00e9t\u00e9 s\u00e9lectionn\u00e9es pour respecter les droits pr\u00e9serv\u00e9s dans la pr\u00e9sente Politique de Confidentialit\u00e9.<\/p>\n<p><strong>&nbsp;<\/strong><\/p>\n<p><\/p>\n<ol start=\"8\">\n<li><strong>QUELS SONT VOS DROITS LORSQUE VOUS FOURNISSEZ VOS DONN\u00c9ES&nbsp;PERSONNELLES ?<\/strong><\/li>\n<\/ol>\n<p>Vous avez dans tous les cas les droits suivants :<\/p>\n<p><\/p>\n<table width=\"595\">\n<tbody>\n<tr>\n<td width=\"169\">\n<p><strong>Droit<\/strong><\/p>\n<\/td>\n<td width=\"426\">\n<p><strong>Contenu<\/strong><\/p>\n<\/td>\n<\/tr>\n<tr>\n<td width=\"169\">\n<p>Acc\u00e8s<\/p>\n<\/td>\n<td width=\"426\">\n<p>Droit d\u2019obtenir confirmation si des donn\u00e9es personnelles vous concernant sont trait\u00e9es et d\u2019acc\u00e9der \u00e0 ces derni\u00e8res.<\/p>\n<\/td>\n<\/tr>\n<tr>\n<td width=\"169\">\n<p>Rectification<\/p>\n<\/td>\n<td width=\"426\">\n<p>Droit au respect de l\u2019exactitude des donn\u00e9es, de les corriger, de les compl\u00e9ter ou de les mettre \u00e0 jour.<\/p>\n<\/td>\n<\/tr>\n<tr>\n<td width=\"169\">\n<p>Suppression<\/p>\n<\/td>\n<td width=\"426\">\n<p>Droit de solliciter la suppression des donn\u00e9es et que ces derni\u00e8res ne fassent l\u2019objet d\u2019aucun traitement, si les conditions sont respect\u00e9es.<\/p>\n<\/td>\n<\/tr>\n<tr>\n<td width=\"169\">\n<p>Opposition<\/p>\n<\/td>\n<td width=\"426\">\n<p>Droit de s\u2019opposer au traitement des donn\u00e9es personnelles.<\/p>\n<\/td>\n<\/tr>\n<tr>\n<td width=\"169\">\n<p>Limitation du traitement<\/p>\n<\/td>\n<td width=\"426\">\n<p>Droit de limiter le traitement des donn\u00e9es lorsque certaines conditions se produisent.<\/p>\n<\/td>\n<\/tr>\n<tr>\n<td width=\"169\">\n<p>Portabilit\u00e9<\/p>\n<\/td>\n<td width=\"426\">\n<p>Droit de recevoir les donn\u00e9es personnelles et de les transmettre \u00e0 un tiers pour leur traitement.<\/p>\n<\/td>\n<\/tr>\n<tr>\n<td width=\"169\">\n<p>Ne faire l\u2019objet d\u2019aucune d\u00e9cision individuelle automatis\u00e9e<\/p>\n<\/td>\n<td width=\"426\">\n<p>Droit de ne faire l\u2019objet d\u2019aucune d\u00e9cision fond\u00e9e uniquement sur le traitement automatis\u00e9 des donn\u00e9es, y compris l\u2019\u00e9laboration de profils, qui produirait des effets juridiques ou aurait un impact de fa\u00e7on significative.<\/p>\n<\/td>\n<\/tr>\n<tr>\n<td width=\"169\">\n<p>R\u00e9vocation du consentement<\/p>\n<\/td>\n<td width=\"426\">\n<p>Droit de retirer le consentement au traitement pr\u00e9alablement donn\u00e9.<\/p>\n<\/td>\n<\/tr>\n<\/tbody>\n<\/table>\n<p>Vous pourrez exercer les droits cit\u00e9s dans le pr\u00e9sent paragraphe en envoyant un courriel \u00e0 l\u2019adresse suivante : <u>hola@lockersalicante.com<\/u><\/p>\n<p><\/p>\n<p>Vous pourrez \u00e9galement pr\u00e9senter une r\u00e9clamation aupr\u00e8s de l\u2019Autorit\u00e9 de Contr\u00f4le comp\u00e9tente en la mati\u00e8re, l\u2019Agence espagnole de protection des donn\u00e9es, en lui adressant une communication \u00e0 l\u2019adresse situ\u00e9e C\/ Jorge Juan, num\u00e9ro 6, 28001 \u2013 Madrid ou via le site Internet&nbsp;<a href=\"https:\/\/www.agpd.es\/\" rel=\"nofollow noopener\" target=\"_blank\">https:\/\/www.agpd.es<\/a><u>.<\/u><\/p><p><u><br><\/u><\/p>\n<p><\/p>\n<ol start=\"9\">\n<li><strong>MODIFICATIONS DE LA POLITIQUE DE CONFIDENTIALIT\u00c9<\/strong><\/li>\n<\/ol>\n<p>Les informations contenues dans la pr\u00e9sente Politique de Confidentialit\u00e9 sont susceptibles d\u2019\u00eatre modifi\u00e9es. Dans ce cas, vous recevrez une notification via la Plate-forme ou une communication \u00e0 votre adresse e-mail.<\/p>\t\t\t\t\t\t\t\t<\/div>\n\t\t\t\t<\/div>\n\t\t\t\t\t<\/div>\n\t\t<\/div>\n\t\t\t\t\t<\/div>\n\t\t<\/section>\n\t\t\t\t<\/div>\n\t\t","protected":false},"excerpt":{"rendered":"<p>INTRODUCTION La pr\u00e9sente Politique de Confidentialit\u00e9 vous fournira des informations sur l\u2019utilisation faite de vos donn\u00e9es personnelles en qualit\u00e9 d\u2019utilisateur de la prestation du service de consigne \u00e0 bagages via les Community Lockers mis \u00e0 votre disposition (ci-apr\u00e8s le \u00ab&nbsp;Service&nbsp;\u00bb). &nbsp; QUI EST LE RESPONSABLE DU TRAITEMENT DE VOS DONN\u00c9ES PERSONNELLES&nbsp;? Soci\u00e9t\u00e9 responsable : SITBACK [&hellip;]<\/p>\n","protected":false},"author":1,"featured_media":0,"parent":0,"menu_order":0,"comment_status":"closed","ping_status":"closed","template":"","meta":{"site-sidebar-layout":"no-sidebar","site-content-layout":"page-builder","ast-site-content-layout":"default","site-content-style":"default","site-sidebar-style":"default","ast-global-header-display":"","ast-banner-title-visibility":"","ast-main-header-display":"","ast-hfb-above-header-display":"","ast-hfb-below-header-display":"","ast-hfb-mobile-header-display":"","site-post-title":"disabled","ast-breadcrumbs-content":"","ast-featured-img":"disabled","footer-sml-layout":"","ast-disable-related-posts":"","theme-transparent-header-meta":"default","adv-header-id-meta":"","stick-header-meta":"","header-above-stick-meta":"","header-main-stick-meta":"","header-below-stick-meta":"","astra-migrate-meta-layouts":"default","ast-page-background-enabled":"default","ast-page-background-meta":{"desktop":{"background-color":"var(--ast-global-color-4)","background-image":"","background-repeat":"repeat","background-position":"center center","background-size":"auto","background-attachment":"scroll","background-type":"","background-media":"","overlay-type":"","overlay-color":"","overlay-opacity":"","overlay-gradient":""},"tablet":{"background-color":"","background-image":"","background-repeat":"repeat","background-position":"center center","background-size":"auto","background-attachment":"scroll","background-type":"","background-media":"","overlay-type":"","overlay-color":"","overlay-opacity":"","overlay-gradient":""},"mobile":{"background-color":"","background-image":"","background-repeat":"repeat","background-position":"center center","background-size":"auto","background-attachment":"scroll","background-type":"","background-media":"","overlay-type":"","overlay-color":"","overlay-opacity":"","overlay-gradient":""}},"ast-content-background-meta":{"desktop":{"background-color":"var(--ast-global-color-5)","background-image":"","background-repeat":"repeat","background-position":"center center","background-size":"auto","background-attachment":"scroll","background-type":"","background-media":"","overlay-type":"","overlay-color":"","overlay-opacity":"","overlay-gradient":""},"tablet":{"background-color":"var(--ast-global-color-5)","background-image":"","background-repeat":"repeat","background-position":"center center","background-size":"auto","background-attachment":"scroll","background-type":"","background-media":"","overlay-type":"","overlay-color":"","overlay-opacity":"","overlay-gradient":""},"mobile":{"background-color":"var(--ast-global-color-5)","background-image":"","background-repeat":"repeat","background-position":"center center","background-size":"auto","background-attachment":"scroll","background-type":"","background-media":"","overlay-type":"","overlay-color":"","overlay-opacity":"","overlay-gradient":""}},"_joinchat":[],"footnotes":""},"class_list":["post-965","page","type-page","status-publish","hentry"],"_links":{"self":[{"href":"https:\/\/lockersalicante.com\/fr\/wp-json\/wp\/v2\/pages\/965","targetHints":{"allow":["GET"]}}],"collection":[{"href":"https:\/\/lockersalicante.com\/fr\/wp-json\/wp\/v2\/pages"}],"about":[{"href":"https:\/\/lockersalicante.com\/fr\/wp-json\/wp\/v2\/types\/page"}],"author":[{"embeddable":true,"href":"https:\/\/lockersalicante.com\/fr\/wp-json\/wp\/v2\/users\/1"}],"replies":[{"embeddable":true,"href":"https:\/\/lockersalicante.com\/fr\/wp-json\/wp\/v2\/comments?post=965"}],"version-history":[{"count":0,"href":"https:\/\/lockersalicante.com\/fr\/wp-json\/wp\/v2\/pages\/965\/revisions"}],"wp:attachment":[{"href":"https:\/\/lockersalicante.com\/fr\/wp-json\/wp\/v2\/media?parent=965"}],"curies":[{"name":"wp","href":"https:\/\/api.w.org\/{rel}","templated":true}]}}